{"id":75,"date":"2016-12-08T18:09:47","date_gmt":"2016-12-08T17:09:47","guid":{"rendered":"http:\/\/www.danielstebler.ch\/web\/?page_id=75"},"modified":"2016-12-24T13:58:38","modified_gmt":"2016-12-24T12:58:38","slug":"seit-1923-mitten-in-reinach","status":"publish","type":"page","link":"https:\/\/www.danielstebler.ch\/web\/seit-1923-mitten-in-reinach\/","title":{"rendered":"Seit 1928 mitten in Reinach"},"content":{"rendered":"<figure id=\"attachment_118\" aria-describedby=\"caption-attachment-118\" style=\"width: 805px\" class=\"wp-caption alignnone\"><img loading=\"lazy\" decoding=\"async\" src=\"http:\/\/www.danielstebler.ch\/web\/wp-content\/uploads\/2016\/12\/Deniel-Stebler-Coiffeur-Salon-805.jpg\" alt=\"Im Haus an der Hauptstrasse 26 in Reinach war schon immer ein Coiffeur Salon beheimatet. \" width=\"805\" height=\"589\" class=\"size-full wp-image-118\" srcset=\"https:\/\/www.danielstebler.ch\/web\/wp-content\/uploads\/2016\/12\/Deniel-Stebler-Coiffeur-Salon-805.jpg 805w, https:\/\/www.danielstebler.ch\/web\/wp-content\/uploads\/2016\/12\/Deniel-Stebler-Coiffeur-Salon-805-300x220.jpg 300w, https:\/\/www.danielstebler.ch\/web\/wp-content\/uploads\/2016\/12\/Deniel-Stebler-Coiffeur-Salon-805-768x562.jpg 768w, https:\/\/www.danielstebler.ch\/web\/wp-content\/uploads\/2016\/12\/Deniel-Stebler-Coiffeur-Salon-805-230x168.jpg 230w, https:\/\/www.danielstebler.ch\/web\/wp-content\/uploads\/2016\/12\/Deniel-Stebler-Coiffeur-Salon-805-350x256.jpg 350w, https:\/\/www.danielstebler.ch\/web\/wp-content\/uploads\/2016\/12\/Deniel-Stebler-Coiffeur-Salon-805-480x351.jpg 480w\" sizes=\"(max-width: 805px) 100vw, 805px\" \/><figcaption id=\"caption-attachment-118\" class=\"wp-caption-text\">Im Haus an der Hauptstrasse 26 in Reinach war schon immer ein Coiffeur Salon beheimatet.<\/figcaption><\/figure>\n<h3>1928<\/h3>\n<p>&#8230;er\u00f6ffnet <strong>Otto Bolzern<\/strong> in Reinach\/BL an der Hauptstrasse 26, Ecke Brunngasse einen Coiffeursalon.<br \/>\n&nbsp;<\/p>\n<h3>In den 60er Jahren<\/h3>\n<p>&#8230;\u00fcbergibt Otto Bolzern den Coiffeursalon an <strong>Pius Br\u00e4gger<\/strong>.<br \/>\n&nbsp;<\/p>\n<h3>Ca. 1970<\/h3>\n<p>&#8230;werden die R\u00e4umlichkeiten umgebaut. Der Frisiersalon heisst jetzt <strong>Haute Coiffure Malthaner<\/strong>.<br \/>\n&nbsp;<\/p>\n<h3>Ab Januar 1979<\/h3>\n<p>&#8230;arbeitet\u00a0<strong>Daniel Stebler<\/strong> dort als Coiffeur<br \/>\n&nbsp;<\/p>\n<h3>1983<\/h3>\n<p>&#8230;\u00fcbernimmt Daniel Stebler den Damen- und Herrensalon in Reinach.<\/p>\n<h3>1986<\/h3>\n<p>Nach Renovierungsarbeiten 1986 tr\u00e4gt das Gesch\u00e4ft nun den Namen <strong>Daniel Stebler Hair Styling<\/strong><br \/>\n&nbsp;<\/p>\n<h3>2002<\/h3>\n<p>&#8230;kommt es zu einem modernen Totalumbau und die R\u00e4umlichkeiten erstrahlen in neuem Glanz. Im Bestreben h\u00f6chsten Anspr\u00fcchen zu gen\u00fcgen werden laufend Infrastruktur und Technik erneuert.<\/p>\n","protected":false},"excerpt":{"rendered":"<p>1928 &#8230;er\u00f6ffnet Otto Bolzern in Reinach\/BL an der Hauptstrasse 26, Ecke Brunngasse einen Coiffeursalon. &nbsp; In den 60er Jahren &#8230;\u00fcbergibt Otto Bolzern den Coiffeursalon an Pius Br\u00e4gger. &nbsp; Ca. 1970 &#8230;werden die R\u00e4umlichkeiten umgebaut. Der Frisiersalon heisst jetzt Haute Coiffure Malthaner. &nbsp; Ab Januar 1979 &#8230;arbeitet\u00a0Daniel Stebler dort als Coiffeur &nbsp; 1983 &#8230;\u00fcbernimmt Daniel Stebler [&hellip;]<\/p>\n","protected":false},"author":1,"featured_media":0,"parent":0,"menu_order":0,"comment_status":"closed","ping_status":"closed","template":"","meta":{"_monsterinsights_skip_tracking":false,"_monsterinsights_sitenote_active":false,"_monsterinsights_sitenote_note":"","_monsterinsights_sitenote_category":0,"jetpack_post_was_ever_published":false,"footnotes":""},"class_list":["post-75","page","type-page","status-publish","hentry"],"jetpack_sharing_enabled":true,"jetpack_shortlink":"https:\/\/wp.me\/P8ekpB-1d","_links":{"self":[{"href":"https:\/\/www.danielstebler.ch\/web\/wp-json\/wp\/v2\/pages\/75"}],"collection":[{"href":"https:\/\/www.danielstebler.ch\/web\/wp-json\/wp\/v2\/pages"}],"about":[{"href":"https:\/\/www.danielstebler.ch\/web\/wp-json\/wp\/v2\/types\/page"}],"author":[{"embeddable":true,"href":"https:\/\/www.danielstebler.ch\/web\/wp-json\/wp\/v2\/users\/1"}],"replies":[{"embeddable":true,"href":"https:\/\/www.danielstebler.ch\/web\/wp-json\/wp\/v2\/comments?post=75"}],"version-history":[{"count":15,"href":"https:\/\/www.danielstebler.ch\/web\/wp-json\/wp\/v2\/pages\/75\/revisions"}],"predecessor-version":[{"id":132,"href":"https:\/\/www.danielstebler.ch\/web\/wp-json\/wp\/v2\/pages\/75\/revisions\/132"}],"wp:attachment":[{"href":"https:\/\/www.danielstebler.ch\/web\/wp-json\/wp\/v2\/media?parent=75"}],"curies":[{"name":"wp","href":"https:\/\/api.w.org\/{rel}","templated":true}]}}